{"id":994,"date":"2025-10-02T11:37:11","date_gmt":"2025-10-02T09:37:11","guid":{"rendered":"https:\/\/usurbilgoemakumeonetxea.eus\/ekitaldia\/taller-la-menstruacion-en-la-pubertad\/"},"modified":"2025-10-02T11:37:11","modified_gmt":"2025-10-02T09:37:11","slug":"taller-la-menstruacion-en-la-pubertad","status":"publish","type":"mec-events","link":"https:\/\/usurbilgoemakumeonetxea.eus\/es\/ekitaldia\/taller-la-menstruacion-en-la-pubertad\/","title":{"rendered":"<br>Taller \u00abLa menstruaci\u00f3n en la pubertad\u00bb"},"content":{"rendered":"<p>Formadora: Ainitze Sala Insausti<br \/>En este taller hablaremos de los cambios que experimenta el cuerpo femenino en la pubertad. Desde el primer mes (menarquia) trabajaremos diferentes herramientas para conocer el proceso natural de nuestro cuerpo. Siempre a partir de plantas medicinales conoceremos este ciclo y veremos c\u00f3mo afrontar diferentes situaciones. Al final, degustando una infusi\u00f3n y comiendo un bizcocho de hierbas medicinales, tendremos un peque\u00f1o y tranquilo momento de reflexi\u00f3n.<\/p>\n","protected":false},"excerpt":{"rendered":"<p>Formadora: Ainitze Sala InsaustiEn este taller hablaremos de los cambios que experimenta el cuerpo femenino en la pubertad. Desde el [&hellip;]<\/p>\n","protected":false},"author":2,"featured_media":966,"comment_status":"closed","ping_status":"closed","template":"","meta":{"site-sidebar-layout":"default","site-content-layout":"","ast-site-content-layout":"default","site-content-style":"default","site-sidebar-style":"default","ast-global-header-display":"","ast-banner-title-visibility":"","ast-main-header-display":"","ast-hfb-above-header-display":"","ast-hfb-below-header-display":"","ast-hfb-mobile-header-display":"","site-post-title":"","ast-breadcrumbs-content":"","ast-featured-img":"","footer-sml-layout":"","theme-transparent-header-meta":"default","adv-header-id-meta":"","stick-header-meta":"default","header-above-stick-meta":"","header-main-stick-meta":"","header-below-stick-meta":"","astra-migrate-meta-layouts":"default","ast-page-background-enabled":"default","ast-page-background-meta":{"desktop":{"background-color":"var(--ast-global-color-4)","background-image":"","background-repeat":"repeat","background-position":"center center","background-size":"auto","background-attachment":"scroll","background-type":"","background-media":"","overlay-type":"","overlay-color":"","overlay-opacity":"","overlay-gradient":""},"tablet":{"background-color":"","background-image":"","background-repeat":"repeat","background-position":"center center","background-size":"auto","background-attachment":"scroll","background-type":"","background-media":"","overlay-type":"","overlay-color":"","overlay-opacity":"","overlay-gradient":""},"mobile":{"background-color":"","background-image":"","background-repeat":"repeat","background-position":"center center","background-size":"auto","background-attachment":"scroll","background-type":"","background-media":"","overlay-type":"","overlay-color":"","overlay-opacity":"","overlay-gradient":""}},"ast-content-background-meta":{"desktop":{"background-color":"var(--ast-global-color-5)","background-image":"","background-repeat":"repeat","background-position":"center center","background-size":"auto","background-attachment":"scroll","background-type":"","background-media":"","overlay-type":"","overlay-color":"","overlay-opacity":"","overlay-gradient":""},"tablet":{"background-color":"var(--ast-global-color-5)","background-image":"","background-repeat":"repeat","background-position":"center center","background-size":"auto","background-attachment":"scroll","background-type":"","background-media":"","overlay-type":"","overlay-color":"","overlay-opacity":"","overlay-gradient":""},"mobile":{"background-color":"var(--ast-global-color-5)","background-image":"","background-repeat":"repeat","background-position":"center center","background-size":"auto","background-attachment":"scroll","background-type":"","background-media":"","overlay-type":"","overlay-color":"","overlay-opacity":"","overlay-gradient":""}}},"tags":[],"mec_category":[44],"mec_speaker":[],"class_list":["post-994","mec-events","type-mec-events","status-publish","has-post-thumbnail","hentry","mec_category-taller"],"yoast_head":"<!-- This site is optimized with the Yoast SEO plugin v26.0 - https:\/\/yoast.com\/wordpress\/plugins\/seo\/ -->\n<title>Taller &quot;La menstruaci\u00f3n en la pubertad&quot; - Usurbilgo Emakumeon Etxea<\/title>\n<meta name=\"robots\" content=\"index, follow, max-snippet:-1, max-image-preview:large, max-video-preview:-1\" \/>\n<link rel=\"canonical\" href=\"https:\/\/usurbilgoemakumeonetxea.eus\/es\/ekitaldia\/taller-la-menstruacion-en-la-pubertad\/\" \/>\n<meta property=\"og:locale\" content=\"es_ES\" \/>\n<meta property=\"og:type\" content=\"article\" \/>\n<meta property=\"og:title\" content=\"Taller &quot;La menstruaci\u00f3n en la pubertad&quot; - Usurbilgo Emakumeon Etxea\" \/>\n<meta property=\"og:description\" content=\"Formadora: Ainitze Sala InsaustiEn este taller hablaremos de los cambios que experimenta el cuerpo femenino en la pubertad. Desde el [&hellip;]\" \/>\n<meta property=\"og:url\" content=\"https:\/\/usurbilgoemakumeonetxea.eus\/es\/ekitaldia\/taller-la-menstruacion-en-la-pubertad\/\" \/>\n<meta property=\"og:site_name\" content=\"Usurbilgo Emakumeon Etxea\" \/>\n<meta property=\"og:image\" content=\"https:\/\/usurbilgoemakumeonetxea.eus\/wp-content\/uploads\/2025\/10\/Tailerra-hilekoa.jpg\" \/>\n\t<meta property=\"og:image:width\" content=\"1500\" \/>\n\t<meta property=\"og:image:height\" content=\"1125\" \/>\n\t<meta property=\"og:image:type\" content=\"image\/jpeg\" \/>\n<meta name=\"twitter:card\" content=\"summary_large_image\" \/>\n<script type=\"application\/ld+json\" class=\"yoast-schema-graph\">{\"@context\":\"https:\/\/schema.org\",\"@graph\":[{\"@type\":\"WebPage\",\"@id\":\"https:\/\/usurbilgoemakumeonetxea.eus\/es\/ekitaldia\/taller-la-menstruacion-en-la-pubertad\/\",\"url\":\"https:\/\/usurbilgoemakumeonetxea.eus\/es\/ekitaldia\/taller-la-menstruacion-en-la-pubertad\/\",\"name\":\"Taller \\\"La menstruaci\u00f3n en la pubertad\\\" - Usurbilgo Emakumeon Etxea\",\"isPartOf\":{\"@id\":\"https:\/\/usurbilgoemakumeonetxea.eus\/es\/#website\"},\"primaryImageOfPage\":{\"@id\":\"https:\/\/usurbilgoemakumeonetxea.eus\/es\/ekitaldia\/taller-la-menstruacion-en-la-pubertad\/#primaryimage\"},\"image\":{\"@id\":\"https:\/\/usurbilgoemakumeonetxea.eus\/es\/ekitaldia\/taller-la-menstruacion-en-la-pubertad\/#primaryimage\"},\"thumbnailUrl\":\"https:\/\/usurbilgoemakumeonetxea.eus\/wp-content\/uploads\/2025\/10\/Tailerra-hilekoa.jpg\",\"datePublished\":\"2025-10-02T09:37:11+00:00\",\"breadcrumb\":{\"@id\":\"https:\/\/usurbilgoemakumeonetxea.eus\/es\/ekitaldia\/taller-la-menstruacion-en-la-pubertad\/#breadcrumb\"},\"inLanguage\":\"es\",\"potentialAction\":[{\"@type\":\"ReadAction\",\"target\":[\"https:\/\/usurbilgoemakumeonetxea.eus\/es\/ekitaldia\/taller-la-menstruacion-en-la-pubertad\/\"]}]},{\"@type\":\"ImageObject\",\"inLanguage\":\"es\",\"@id\":\"https:\/\/usurbilgoemakumeonetxea.eus\/es\/ekitaldia\/taller-la-menstruacion-en-la-pubertad\/#primaryimage\",\"url\":\"https:\/\/usurbilgoemakumeonetxea.eus\/wp-content\/uploads\/2025\/10\/Tailerra-hilekoa.jpg\",\"contentUrl\":\"https:\/\/usurbilgoemakumeonetxea.eus\/wp-content\/uploads\/2025\/10\/Tailerra-hilekoa.jpg\",\"width\":1500,\"height\":1125},{\"@type\":\"BreadcrumbList\",\"@id\":\"https:\/\/usurbilgoemakumeonetxea.eus\/es\/ekitaldia\/taller-la-menstruacion-en-la-pubertad\/#breadcrumb\",\"itemListElement\":[{\"@type\":\"ListItem\",\"position\":1,\"name\":\"Home\",\"item\":\"https:\/\/usurbilgoemakumeonetxea.eus\/es\/\"},{\"@type\":\"ListItem\",\"position\":2,\"name\":\"Eventos\",\"item\":\"https:\/\/usurbilgoemakumeonetxea.eus\/es\/ekitaldia\/\"},{\"@type\":\"ListItem\",\"position\":3,\"name\":\"Taller &#8220;La menstruaci\u00f3n en la pubertad&#8221;\"}]},{\"@type\":\"WebSite\",\"@id\":\"https:\/\/usurbilgoemakumeonetxea.eus\/es\/#website\",\"url\":\"https:\/\/usurbilgoemakumeonetxea.eus\/es\/\",\"name\":\"Usurbilgo Emakumeon Etxea\",\"description\":\"\",\"publisher\":{\"@id\":\"https:\/\/usurbilgoemakumeonetxea.eus\/es\/#organization\"},\"potentialAction\":[{\"@type\":\"SearchAction\",\"target\":{\"@type\":\"EntryPoint\",\"urlTemplate\":\"https:\/\/usurbilgoemakumeonetxea.eus\/es\/?s={search_term_string}\"},\"query-input\":{\"@type\":\"PropertyValueSpecification\",\"valueRequired\":true,\"valueName\":\"search_term_string\"}}],\"inLanguage\":\"es\"},{\"@type\":\"Organization\",\"@id\":\"https:\/\/usurbilgoemakumeonetxea.eus\/es\/#organization\",\"name\":\"Usurbilgo Emakumeon Etxea\",\"url\":\"https:\/\/usurbilgoemakumeonetxea.eus\/es\/\",\"logo\":{\"@type\":\"ImageObject\",\"inLanguage\":\"es\",\"@id\":\"https:\/\/usurbilgoemakumeonetxea.eus\/es\/#\/schema\/logo\/image\/\",\"url\":\"https:\/\/usurbilgoemakumeonetxea.eus\/wp-content\/uploads\/2024\/08\/Logo-EmakEtx-kolore.png\",\"contentUrl\":\"https:\/\/usurbilgoemakumeonetxea.eus\/wp-content\/uploads\/2024\/08\/Logo-EmakEtx-kolore.png\",\"width\":900,\"height\":900,\"caption\":\"Usurbilgo Emakumeon Etxea\"},\"image\":{\"@id\":\"https:\/\/usurbilgoemakumeonetxea.eus\/es\/#\/schema\/logo\/image\/\"}}]}<\/script>\n<!-- \/ Yoast SEO plugin. -->","yoast_head_json":{"title":"Taller \"La menstruaci\u00f3n en la pubertad\" - Usurbilgo Emakumeon Etxea","robots":{"index":"index","follow":"follow","max-snippet":"max-snippet:-1","max-image-preview":"max-image-preview:large","max-video-preview":"max-video-preview:-1"},"canonical":"https:\/\/usurbilgoemakumeonetxea.eus\/es\/ekitaldia\/taller-la-menstruacion-en-la-pubertad\/","og_locale":"es_ES","og_type":"article","og_title":"Taller \"La menstruaci\u00f3n en la pubertad\" - Usurbilgo Emakumeon Etxea","og_description":"Formadora: Ainitze Sala InsaustiEn este taller hablaremos de los cambios que experimenta el cuerpo femenino en la pubertad. Desde el [&hellip;]","og_url":"https:\/\/usurbilgoemakumeonetxea.eus\/es\/ekitaldia\/taller-la-menstruacion-en-la-pubertad\/","og_site_name":"Usurbilgo Emakumeon Etxea","og_image":[{"width":1500,"height":1125,"url":"https:\/\/usurbilgoemakumeonetxea.eus\/wp-content\/uploads\/2025\/10\/Tailerra-hilekoa.jpg","type":"image\/jpeg"}],"twitter_card":"summary_large_image","schema":{"@context":"https:\/\/schema.org","@graph":[{"@type":"WebPage","@id":"https:\/\/usurbilgoemakumeonetxea.eus\/es\/ekitaldia\/taller-la-menstruacion-en-la-pubertad\/","url":"https:\/\/usurbilgoemakumeonetxea.eus\/es\/ekitaldia\/taller-la-menstruacion-en-la-pubertad\/","name":"Taller \"La menstruaci\u00f3n en la pubertad\" - Usurbilgo Emakumeon Etxea","isPartOf":{"@id":"https:\/\/usurbilgoemakumeonetxea.eus\/es\/#website"},"primaryImageOfPage":{"@id":"https:\/\/usurbilgoemakumeonetxea.eus\/es\/ekitaldia\/taller-la-menstruacion-en-la-pubertad\/#primaryimage"},"image":{"@id":"https:\/\/usurbilgoemakumeonetxea.eus\/es\/ekitaldia\/taller-la-menstruacion-en-la-pubertad\/#primaryimage"},"thumbnailUrl":"https:\/\/usurbilgoemakumeonetxea.eus\/wp-content\/uploads\/2025\/10\/Tailerra-hilekoa.jpg","datePublished":"2025-10-02T09:37:11+00:00","breadcrumb":{"@id":"https:\/\/usurbilgoemakumeonetxea.eus\/es\/ekitaldia\/taller-la-menstruacion-en-la-pubertad\/#breadcrumb"},"inLanguage":"es","potentialAction":[{"@type":"ReadAction","target":["https:\/\/usurbilgoemakumeonetxea.eus\/es\/ekitaldia\/taller-la-menstruacion-en-la-pubertad\/"]}]},{"@type":"ImageObject","inLanguage":"es","@id":"https:\/\/usurbilgoemakumeonetxea.eus\/es\/ekitaldia\/taller-la-menstruacion-en-la-pubertad\/#primaryimage","url":"https:\/\/usurbilgoemakumeonetxea.eus\/wp-content\/uploads\/2025\/10\/Tailerra-hilekoa.jpg","contentUrl":"https:\/\/usurbilgoemakumeonetxea.eus\/wp-content\/uploads\/2025\/10\/Tailerra-hilekoa.jpg","width":1500,"height":1125},{"@type":"BreadcrumbList","@id":"https:\/\/usurbilgoemakumeonetxea.eus\/es\/ekitaldia\/taller-la-menstruacion-en-la-pubertad\/#breadcrumb","itemListElement":[{"@type":"ListItem","position":1,"name":"Home","item":"https:\/\/usurbilgoemakumeonetxea.eus\/es\/"},{"@type":"ListItem","position":2,"name":"Eventos","item":"https:\/\/usurbilgoemakumeonetxea.eus\/es\/ekitaldia\/"},{"@type":"ListItem","position":3,"name":"Taller &#8220;La menstruaci\u00f3n en la pubertad&#8221;"}]},{"@type":"WebSite","@id":"https:\/\/usurbilgoemakumeonetxea.eus\/es\/#website","url":"https:\/\/usurbilgoemakumeonetxea.eus\/es\/","name":"Usurbilgo Emakumeon Etxea","description":"","publisher":{"@id":"https:\/\/usurbilgoemakumeonetxea.eus\/es\/#organization"},"potentialAction":[{"@type":"SearchAction","target":{"@type":"EntryPoint","urlTemplate":"https:\/\/usurbilgoemakumeonetxea.eus\/es\/?s={search_term_string}"},"query-input":{"@type":"PropertyValueSpecification","valueRequired":true,"valueName":"search_term_string"}}],"inLanguage":"es"},{"@type":"Organization","@id":"https:\/\/usurbilgoemakumeonetxea.eus\/es\/#organization","name":"Usurbilgo Emakumeon Etxea","url":"https:\/\/usurbilgoemakumeonetxea.eus\/es\/","logo":{"@type":"ImageObject","inLanguage":"es","@id":"https:\/\/usurbilgoemakumeonetxea.eus\/es\/#\/schema\/logo\/image\/","url":"https:\/\/usurbilgoemakumeonetxea.eus\/wp-content\/uploads\/2024\/08\/Logo-EmakEtx-kolore.png","contentUrl":"https:\/\/usurbilgoemakumeonetxea.eus\/wp-content\/uploads\/2024\/08\/Logo-EmakEtx-kolore.png","width":900,"height":900,"caption":"Usurbilgo Emakumeon Etxea"},"image":{"@id":"https:\/\/usurbilgoemakumeonetxea.eus\/es\/#\/schema\/logo\/image\/"}}]}},"_links":{"self":[{"href":"https:\/\/usurbilgoemakumeonetxea.eus\/es\/wp-json\/wp\/v2\/mec-events\/994","targetHints":{"allow":["GET"]}}],"collection":[{"href":"https:\/\/usurbilgoemakumeonetxea.eus\/es\/wp-json\/wp\/v2\/mec-events"}],"about":[{"href":"https:\/\/usurbilgoemakumeonetxea.eus\/es\/wp-json\/wp\/v2\/types\/mec-events"}],"author":[{"embeddable":true,"href":"https:\/\/usurbilgoemakumeonetxea.eus\/es\/wp-json\/wp\/v2\/users\/2"}],"replies":[{"embeddable":true,"href":"https:\/\/usurbilgoemakumeonetxea.eus\/es\/wp-json\/wp\/v2\/comments?post=994"}],"wp:featuredmedia":[{"embeddable":true,"href":"https:\/\/usurbilgoemakumeonetxea.eus\/es\/wp-json\/wp\/v2\/media\/966"}],"wp:attachment":[{"href":"https:\/\/usurbilgoemakumeonetxea.eus\/es\/wp-json\/wp\/v2\/media?parent=994"}],"wp:term":[{"taxonomy":"post_tag","embeddable":true,"href":"https:\/\/usurbilgoemakumeonetxea.eus\/es\/wp-json\/wp\/v2\/tags?post=994"},{"taxonomy":"mec_category","embeddable":true,"href":"https:\/\/usurbilgoemakumeonetxea.eus\/es\/wp-json\/wp\/v2\/mec_category?post=994"},{"taxonomy":"mec_speaker","embeddable":true,"href":"https:\/\/usurbilgoemakumeonetxea.eus\/es\/wp-json\/wp\/v2\/mec_speaker?post=994"}],"curies":[{"name":"wp","href":"https:\/\/api.w.org\/{rel}","templated":true}]}}