{"id":711,"date":"2024-09-17T12:23:51","date_gmt":"2024-09-17T10:23:51","guid":{"rendered":"https:\/\/usurbilgoemakumeonetxea.eus\/ekitaldia\/charla-un-ano-desde-la-huelga-feminista-general\/"},"modified":"2024-10-11T10:14:06","modified_gmt":"2024-10-11T08:14:06","slug":"charla-un-ano-desde-la-huelga-feminista-general","status":"publish","type":"mec-events","link":"https:\/\/usurbilgoemakumeonetxea.eus\/es\/ekitaldia\/charla-un-ano-desde-la-huelga-feminista-general\/","title":{"rendered":"Charla: \u00abUn a\u00f1o desde la huelga feminista general."},"content":{"rendered":"<p><strong>Ponentes: Elene Lopetegi y Uma Ulazia<\/strong><\/p>\n<p>Ha pasado un a\u00f1o desde que el Movimiento Feminista de Euskal Herria convocara una huelga feminista general. Fue una jornada hist\u00f3rica, ya que esta huelga general se centr\u00f3 en las labores de cuidados. La charla analizar\u00e1 las huellas que esto ha dejado y centrar\u00e1 su atenci\u00f3n en los retos futuros.<\/p>\n","protected":false},"excerpt":{"rendered":"<p>Ponentes: Elene Lopetegi y Uma Ulazia Ha pasado un a\u00f1o desde que el Movimiento Feminista de Euskal Herria convocara una [&hellip;]<\/p>\n","protected":false},"author":1,"featured_media":861,"comment_status":"closed","ping_status":"closed","template":"","meta":{"site-sidebar-layout":"default","site-content-layout":"","ast-site-content-layout":"default","site-content-style":"default","site-sidebar-style":"default","ast-global-header-display":"","ast-banner-title-visibility":"","ast-main-header-display":"","ast-hfb-above-header-display":"","ast-hfb-below-header-display":"","ast-hfb-mobile-header-display":"","site-post-title":"","ast-breadcrumbs-content":"","ast-featured-img":"","footer-sml-layout":"","theme-transparent-header-meta":"default","adv-header-id-meta":"","stick-header-meta":"default","header-above-stick-meta":"","header-main-stick-meta":"","header-below-stick-meta":"","astra-migrate-meta-layouts":"set","ast-page-background-enabled":"default","ast-page-background-meta":{"desktop":{"background-color":"var(--ast-global-color-4)","background-image":"","background-repeat":"repeat","background-position":"center center","background-size":"auto","background-attachment":"scroll","background-type":"","background-media":"","overlay-type":"","overlay-color":"","overlay-opacity":"","overlay-gradient":""},"tablet":{"background-color":"","background-image":"","background-repeat":"repeat","background-position":"center center","background-size":"auto","background-attachment":"scroll","background-type":"","background-media":"","overlay-type":"","overlay-color":"","overlay-opacity":"","overlay-gradient":""},"mobile":{"background-color":"","background-image":"","background-repeat":"repeat","background-position":"center center","background-size":"auto","background-attachment":"scroll","background-type":"","background-media":"","overlay-type":"","overlay-color":"","overlay-opacity":"","overlay-gradient":""}},"ast-content-background-meta":{"desktop":{"background-color":"var(--ast-global-color-5)","background-image":"","background-repeat":"repeat","background-position":"center center","background-size":"auto","background-attachment":"scroll","background-type":"","background-media":"","overlay-type":"","overlay-color":"","overlay-opacity":"","overlay-gradient":""},"tablet":{"background-color":"var(--ast-global-color-5)","background-image":"","background-repeat":"repeat","background-position":"center center","background-size":"auto","background-attachment":"scroll","background-type":"","background-media":"","overlay-type":"","overlay-color":"","overlay-opacity":"","overlay-gradient":""},"mobile":{"background-color":"var(--ast-global-color-5)","background-image":"","background-repeat":"repeat","background-position":"center center","background-size":"auto","background-attachment":"scroll","background-type":"","background-media":"","overlay-type":"","overlay-color":"","overlay-opacity":"","overlay-gradient":""}}},"tags":[],"mec_category":[34],"mec_speaker":[],"class_list":["post-711","mec-events","type-mec-events","status-publish","has-post-thumbnail","hentry","mec_category-ciclo-de-iniciativas-de-cuidados"],"yoast_head":"<!-- This site is optimized with the Yoast SEO plugin v26.0 - https:\/\/yoast.com\/wordpress\/plugins\/seo\/ -->\n<title>Charla: &quot;Un a\u00f1o desde la huelga feminista general. - Usurbilgo Emakumeon Etxea<\/title>\n<meta name=\"robots\" content=\"index, follow, max-snippet:-1, max-image-preview:large, max-video-preview:-1\" \/>\n<link rel=\"canonical\" href=\"https:\/\/usurbilgoemakumeonetxea.eus\/es\/ekitaldia\/charla-un-ano-desde-la-huelga-feminista-general\/\" \/>\n<meta property=\"og:locale\" content=\"es_ES\" \/>\n<meta property=\"og:type\" content=\"article\" \/>\n<meta property=\"og:title\" content=\"Charla: &quot;Un a\u00f1o desde la huelga feminista general. - Usurbilgo Emakumeon Etxea\" \/>\n<meta property=\"og:description\" content=\"Ponentes: Elene Lopetegi y Uma Ulazia Ha pasado un a\u00f1o desde que el Movimiento Feminista de Euskal Herria convocara una [&hellip;]\" \/>\n<meta property=\"og:url\" content=\"https:\/\/usurbilgoemakumeonetxea.eus\/es\/ekitaldia\/charla-un-ano-desde-la-huelga-feminista-general\/\" \/>\n<meta property=\"og:site_name\" content=\"Usurbilgo Emakumeon Etxea\" \/>\n<meta property=\"article:modified_time\" content=\"2024-10-11T08:14:06+00:00\" \/>\n<meta property=\"og:image\" content=\"https:\/\/usurbilgoemakumeonetxea.eus\/wp-content\/uploads\/2024\/09\/GrebaFeministaOrokorraWeb23.jpg\" \/>\n\t<meta property=\"og:image:width\" content=\"1400\" \/>\n\t<meta property=\"og:image:height\" content=\"939\" \/>\n\t<meta property=\"og:image:type\" content=\"image\/jpeg\" \/>\n<meta name=\"twitter:card\" content=\"summary_large_image\" \/>\n<meta name=\"twitter:label1\" content=\"Tiempo de lectura\" \/>\n\t<meta name=\"twitter:data1\" content=\"1 minuto\" \/>\n<script type=\"application\/ld+json\" class=\"yoast-schema-graph\">{\"@context\":\"https:\/\/schema.org\",\"@graph\":[{\"@type\":\"WebPage\",\"@id\":\"https:\/\/usurbilgoemakumeonetxea.eus\/es\/ekitaldia\/charla-un-ano-desde-la-huelga-feminista-general\/\",\"url\":\"https:\/\/usurbilgoemakumeonetxea.eus\/es\/ekitaldia\/charla-un-ano-desde-la-huelga-feminista-general\/\",\"name\":\"Charla: \\\"Un a\u00f1o desde la huelga feminista general. - Usurbilgo Emakumeon Etxea\",\"isPartOf\":{\"@id\":\"https:\/\/usurbilgoemakumeonetxea.eus\/es\/#website\"},\"primaryImageOfPage\":{\"@id\":\"https:\/\/usurbilgoemakumeonetxea.eus\/es\/ekitaldia\/charla-un-ano-desde-la-huelga-feminista-general\/#primaryimage\"},\"image\":{\"@id\":\"https:\/\/usurbilgoemakumeonetxea.eus\/es\/ekitaldia\/charla-un-ano-desde-la-huelga-feminista-general\/#primaryimage\"},\"thumbnailUrl\":\"https:\/\/usurbilgoemakumeonetxea.eus\/wp-content\/uploads\/2024\/09\/GrebaFeministaOrokorraWeb23.jpg\",\"datePublished\":\"2024-09-17T10:23:51+00:00\",\"dateModified\":\"2024-10-11T08:14:06+00:00\",\"breadcrumb\":{\"@id\":\"https:\/\/usurbilgoemakumeonetxea.eus\/es\/ekitaldia\/charla-un-ano-desde-la-huelga-feminista-general\/#breadcrumb\"},\"inLanguage\":\"es\",\"potentialAction\":[{\"@type\":\"ReadAction\",\"target\":[\"https:\/\/usurbilgoemakumeonetxea.eus\/es\/ekitaldia\/charla-un-ano-desde-la-huelga-feminista-general\/\"]}]},{\"@type\":\"ImageObject\",\"inLanguage\":\"es\",\"@id\":\"https:\/\/usurbilgoemakumeonetxea.eus\/es\/ekitaldia\/charla-un-ano-desde-la-huelga-feminista-general\/#primaryimage\",\"url\":\"https:\/\/usurbilgoemakumeonetxea.eus\/wp-content\/uploads\/2024\/09\/GrebaFeministaOrokorraWeb23.jpg\",\"contentUrl\":\"https:\/\/usurbilgoemakumeonetxea.eus\/wp-content\/uploads\/2024\/09\/GrebaFeministaOrokorraWeb23.jpg\",\"width\":1400,\"height\":939},{\"@type\":\"BreadcrumbList\",\"@id\":\"https:\/\/usurbilgoemakumeonetxea.eus\/es\/ekitaldia\/charla-un-ano-desde-la-huelga-feminista-general\/#breadcrumb\",\"itemListElement\":[{\"@type\":\"ListItem\",\"position\":1,\"name\":\"Home\",\"item\":\"https:\/\/usurbilgoemakumeonetxea.eus\/es\/\"},{\"@type\":\"ListItem\",\"position\":2,\"name\":\"Eventos\",\"item\":\"https:\/\/usurbilgoemakumeonetxea.eus\/es\/ekitaldia\/\"},{\"@type\":\"ListItem\",\"position\":3,\"name\":\"Charla: &#8220;Un a\u00f1o desde la huelga feminista general.\"}]},{\"@type\":\"WebSite\",\"@id\":\"https:\/\/usurbilgoemakumeonetxea.eus\/es\/#website\",\"url\":\"https:\/\/usurbilgoemakumeonetxea.eus\/es\/\",\"name\":\"Usurbilgo Emakumeon Etxea\",\"description\":\"\",\"publisher\":{\"@id\":\"https:\/\/usurbilgoemakumeonetxea.eus\/es\/#organization\"},\"potentialAction\":[{\"@type\":\"SearchAction\",\"target\":{\"@type\":\"EntryPoint\",\"urlTemplate\":\"https:\/\/usurbilgoemakumeonetxea.eus\/es\/?s={search_term_string}\"},\"query-input\":{\"@type\":\"PropertyValueSpecification\",\"valueRequired\":true,\"valueName\":\"search_term_string\"}}],\"inLanguage\":\"es\"},{\"@type\":\"Organization\",\"@id\":\"https:\/\/usurbilgoemakumeonetxea.eus\/es\/#organization\",\"name\":\"Usurbilgo Emakumeon Etxea\",\"url\":\"https:\/\/usurbilgoemakumeonetxea.eus\/es\/\",\"logo\":{\"@type\":\"ImageObject\",\"inLanguage\":\"es\",\"@id\":\"https:\/\/usurbilgoemakumeonetxea.eus\/es\/#\/schema\/logo\/image\/\",\"url\":\"https:\/\/usurbilgoemakumeonetxea.eus\/wp-content\/uploads\/2024\/08\/Logo-EmakEtx-kolore.png\",\"contentUrl\":\"https:\/\/usurbilgoemakumeonetxea.eus\/wp-content\/uploads\/2024\/08\/Logo-EmakEtx-kolore.png\",\"width\":900,\"height\":900,\"caption\":\"Usurbilgo Emakumeon Etxea\"},\"image\":{\"@id\":\"https:\/\/usurbilgoemakumeonetxea.eus\/es\/#\/schema\/logo\/image\/\"}}]}<\/script>\n<!-- \/ Yoast SEO plugin. -->","yoast_head_json":{"title":"Charla: \"Un a\u00f1o desde la huelga feminista general. - Usurbilgo Emakumeon Etxea","robots":{"index":"index","follow":"follow","max-snippet":"max-snippet:-1","max-image-preview":"max-image-preview:large","max-video-preview":"max-video-preview:-1"},"canonical":"https:\/\/usurbilgoemakumeonetxea.eus\/es\/ekitaldia\/charla-un-ano-desde-la-huelga-feminista-general\/","og_locale":"es_ES","og_type":"article","og_title":"Charla: \"Un a\u00f1o desde la huelga feminista general. - Usurbilgo Emakumeon Etxea","og_description":"Ponentes: Elene Lopetegi y Uma Ulazia Ha pasado un a\u00f1o desde que el Movimiento Feminista de Euskal Herria convocara una [&hellip;]","og_url":"https:\/\/usurbilgoemakumeonetxea.eus\/es\/ekitaldia\/charla-un-ano-desde-la-huelga-feminista-general\/","og_site_name":"Usurbilgo Emakumeon Etxea","article_modified_time":"2024-10-11T08:14:06+00:00","og_image":[{"width":1400,"height":939,"url":"https:\/\/usurbilgoemakumeonetxea.eus\/wp-content\/uploads\/2024\/09\/GrebaFeministaOrokorraWeb23.jpg","type":"image\/jpeg"}],"twitter_card":"summary_large_image","twitter_misc":{"Tiempo de lectura":"1 minuto"},"schema":{"@context":"https:\/\/schema.org","@graph":[{"@type":"WebPage","@id":"https:\/\/usurbilgoemakumeonetxea.eus\/es\/ekitaldia\/charla-un-ano-desde-la-huelga-feminista-general\/","url":"https:\/\/usurbilgoemakumeonetxea.eus\/es\/ekitaldia\/charla-un-ano-desde-la-huelga-feminista-general\/","name":"Charla: \"Un a\u00f1o desde la huelga feminista general. - Usurbilgo Emakumeon Etxea","isPartOf":{"@id":"https:\/\/usurbilgoemakumeonetxea.eus\/es\/#website"},"primaryImageOfPage":{"@id":"https:\/\/usurbilgoemakumeonetxea.eus\/es\/ekitaldia\/charla-un-ano-desde-la-huelga-feminista-general\/#primaryimage"},"image":{"@id":"https:\/\/usurbilgoemakumeonetxea.eus\/es\/ekitaldia\/charla-un-ano-desde-la-huelga-feminista-general\/#primaryimage"},"thumbnailUrl":"https:\/\/usurbilgoemakumeonetxea.eus\/wp-content\/uploads\/2024\/09\/GrebaFeministaOrokorraWeb23.jpg","datePublished":"2024-09-17T10:23:51+00:00","dateModified":"2024-10-11T08:14:06+00:00","breadcrumb":{"@id":"https:\/\/usurbilgoemakumeonetxea.eus\/es\/ekitaldia\/charla-un-ano-desde-la-huelga-feminista-general\/#breadcrumb"},"inLanguage":"es","potentialAction":[{"@type":"ReadAction","target":["https:\/\/usurbilgoemakumeonetxea.eus\/es\/ekitaldia\/charla-un-ano-desde-la-huelga-feminista-general\/"]}]},{"@type":"ImageObject","inLanguage":"es","@id":"https:\/\/usurbilgoemakumeonetxea.eus\/es\/ekitaldia\/charla-un-ano-desde-la-huelga-feminista-general\/#primaryimage","url":"https:\/\/usurbilgoemakumeonetxea.eus\/wp-content\/uploads\/2024\/09\/GrebaFeministaOrokorraWeb23.jpg","contentUrl":"https:\/\/usurbilgoemakumeonetxea.eus\/wp-content\/uploads\/2024\/09\/GrebaFeministaOrokorraWeb23.jpg","width":1400,"height":939},{"@type":"BreadcrumbList","@id":"https:\/\/usurbilgoemakumeonetxea.eus\/es\/ekitaldia\/charla-un-ano-desde-la-huelga-feminista-general\/#breadcrumb","itemListElement":[{"@type":"ListItem","position":1,"name":"Home","item":"https:\/\/usurbilgoemakumeonetxea.eus\/es\/"},{"@type":"ListItem","position":2,"name":"Eventos","item":"https:\/\/usurbilgoemakumeonetxea.eus\/es\/ekitaldia\/"},{"@type":"ListItem","position":3,"name":"Charla: &#8220;Un a\u00f1o desde la huelga feminista general."}]},{"@type":"WebSite","@id":"https:\/\/usurbilgoemakumeonetxea.eus\/es\/#website","url":"https:\/\/usurbilgoemakumeonetxea.eus\/es\/","name":"Usurbilgo Emakumeon Etxea","description":"","publisher":{"@id":"https:\/\/usurbilgoemakumeonetxea.eus\/es\/#organization"},"potentialAction":[{"@type":"SearchAction","target":{"@type":"EntryPoint","urlTemplate":"https:\/\/usurbilgoemakumeonetxea.eus\/es\/?s={search_term_string}"},"query-input":{"@type":"PropertyValueSpecification","valueRequired":true,"valueName":"search_term_string"}}],"inLanguage":"es"},{"@type":"Organization","@id":"https:\/\/usurbilgoemakumeonetxea.eus\/es\/#organization","name":"Usurbilgo Emakumeon Etxea","url":"https:\/\/usurbilgoemakumeonetxea.eus\/es\/","logo":{"@type":"ImageObject","inLanguage":"es","@id":"https:\/\/usurbilgoemakumeonetxea.eus\/es\/#\/schema\/logo\/image\/","url":"https:\/\/usurbilgoemakumeonetxea.eus\/wp-content\/uploads\/2024\/08\/Logo-EmakEtx-kolore.png","contentUrl":"https:\/\/usurbilgoemakumeonetxea.eus\/wp-content\/uploads\/2024\/08\/Logo-EmakEtx-kolore.png","width":900,"height":900,"caption":"Usurbilgo Emakumeon Etxea"},"image":{"@id":"https:\/\/usurbilgoemakumeonetxea.eus\/es\/#\/schema\/logo\/image\/"}}]}},"_links":{"self":[{"href":"https:\/\/usurbilgoemakumeonetxea.eus\/es\/wp-json\/wp\/v2\/mec-events\/711","targetHints":{"allow":["GET"]}}],"collection":[{"href":"https:\/\/usurbilgoemakumeonetxea.eus\/es\/wp-json\/wp\/v2\/mec-events"}],"about":[{"href":"https:\/\/usurbilgoemakumeonetxea.eus\/es\/wp-json\/wp\/v2\/types\/mec-events"}],"author":[{"embeddable":true,"href":"https:\/\/usurbilgoemakumeonetxea.eus\/es\/wp-json\/wp\/v2\/users\/1"}],"replies":[{"embeddable":true,"href":"https:\/\/usurbilgoemakumeonetxea.eus\/es\/wp-json\/wp\/v2\/comments?post=711"}],"wp:featuredmedia":[{"embeddable":true,"href":"https:\/\/usurbilgoemakumeonetxea.eus\/es\/wp-json\/wp\/v2\/media\/861"}],"wp:attachment":[{"href":"https:\/\/usurbilgoemakumeonetxea.eus\/es\/wp-json\/wp\/v2\/media?parent=711"}],"wp:term":[{"taxonomy":"post_tag","embeddable":true,"href":"https:\/\/usurbilgoemakumeonetxea.eus\/es\/wp-json\/wp\/v2\/tags?post=711"},{"taxonomy":"mec_category","embeddable":true,"href":"https:\/\/usurbilgoemakumeonetxea.eus\/es\/wp-json\/wp\/v2\/mec_category?post=711"},{"taxonomy":"mec_speaker","embeddable":true,"href":"https:\/\/usurbilgoemakumeonetxea.eus\/es\/wp-json\/wp\/v2\/mec_speaker?post=711"}],"curies":[{"name":"wp","href":"https:\/\/api.w.org\/{rel}","templated":true}]}}